{"id":1790,"date":"2023-07-24T09:11:38","date_gmt":"2023-07-24T09:11:38","guid":{"rendered":"https:\/\/andreasbadenracing.de\/transat-jacques-vabres-2023"},"modified":"2023-07-26T18:13:12","modified_gmt":"2023-07-26T18:13:12","slug":"transat-jacques-vabres-2023","status":"publish","type":"page","link":"https:\/\/andreasbadenracing.de\/fr\/transat-jacques-vabres-2023\/","title":{"rendered":"Transat Jacques Vabres 2023"},"content":{"rendered":"\t\t<div data-elementor-type=\"wp-page\" data-elementor-id=\"1790\" class=\"elementor elementor-1790\" data-elementor-post-type=\"page\">\n\t\t\t\t\t\t<section class=\"elementor-section elementor-top-section elementor-element elementor-element-0a3e73a elementor-section-boxed elementor-section-height-default elementor-section-height-default\" data-id=\"0a3e73a\" data-element_type=\"section\" data-e-type=\"section\">\n\t\t\t\t\t\t<div class=\"elementor-container elementor-column-gap-default\">\n\t\t\t\t\t<div class=\"elementor-column elementor-col-50 elementor-top-column elementor-element elementor-element-40187cc\" data-id=\"40187cc\" data-element_type=\"column\" data-e-type=\"column\">\n\t\t\t<div class=\"elementor-widget-wrap elementor-element-populated\">\n\t\t\t\t\t\t<div class=\"elementor-element elementor-element-ecbba04 elementor-widget elementor-widget-image\" data-id=\"ecbba04\" data-element_type=\"widget\" data-e-type=\"widget\" data-widget_type=\"image.default\">\n\t\t\t\t<div class=\"elementor-widget-container\">\n\t\t\t\t\t\t\t\t\t\t\t\t<figure class=\"wp-caption\">\n\t\t\t\t\t\t\t\t\t\t<img fetchpriority=\"high\" decoding=\"async\" width=\"1024\" height=\"682\" src=\"https:\/\/andreasbadenracing.de\/wp-content\/uploads\/2023\/07\/230721AMD_3JML8271bd-1024x682.jpeg\" class=\"attachment-large size-large wp-image-1827\" alt=\"\" srcset=\"https:\/\/andreasbadenracing.de\/wp-content\/uploads\/2023\/07\/230721AMD_3JML8271bd-1024x682.jpeg 1024w, https:\/\/andreasbadenracing.de\/wp-content\/uploads\/2023\/07\/230721AMD_3JML8271bd-300x200.jpeg 300w, https:\/\/andreasbadenracing.de\/wp-content\/uploads\/2023\/07\/230721AMD_3JML8271bd-768x512.jpeg 768w, https:\/\/andreasbadenracing.de\/wp-content\/uploads\/2023\/07\/230721AMD_3JML8271bd.jpeg 1280w\" sizes=\"(max-width: 1024px) 100vw, 1024px\" \/>\t\t\t\t\t\t\t\t\t\t\t<figcaption class=\"widget-image-caption wp-caption-text\">Jean-Marie Liot<\/figcaption>\n\t\t\t\t\t\t\t\t\t\t<\/figure>\n\t\t\t\t\t\t\t\t\t<\/div>\n\t\t\t\t<\/div>\n\t\t\t\t\t<\/div>\n\t\t<\/div>\n\t\t\t\t<div class=\"elementor-column elementor-col-50 elementor-top-column elementor-element elementor-element-050efbe\" data-id=\"050efbe\" data-element_type=\"column\" data-e-type=\"column\">\n\t\t\t<div class=\"elementor-widget-wrap elementor-element-populated\">\n\t\t\t\t\t\t<div class=\"elementor-element elementor-element-0ee9302 elementor-widget elementor-widget-text-editor\" data-id=\"0ee9302\" data-element_type=\"widget\" data-e-type=\"widget\" data-widget_type=\"text-editor.default\">\n\t\t\t\t<div class=\"elementor-widget-container\">\n\t\t\t\t\t\t\t\t\t<h2 class=\"MsoNormal\" style=\"text-align: justify;\"><strong><span lang=\"FR\" style=\"font-size: 11.0pt; font-family: 'Avenir Next',sans-serif;\">Andreas embarque chez Fabrice Amedeo pour la Transat Jacques Vabre sur l&rsquo;Imoca Nexans &#8211; Art et Fen\u00eatres.<\/span><\/strong><\/h2>\n<p class=\"MsoNormal\" style=\"text-align: justify;\"><span lang=\"FR\" style=\"font-size: 11.0pt; font-family: 'Avenir Next',sans-serif;\"> <\/span><\/p>\n<p class=\"MsoNormal\" style=\"text-align: justify;\"><span lang=\"FR\" style=\"font-size: 11.0pt; font-family: 'Avenir Next',sans-serif;\">Pour son retour au large et aux comp\u00e9titions, le skipper Nexans &#8211; Art et Fen\u00eatres a choisi d&#8217;embarquer un co-skipper allemand. Objectif : une belle course en double main<br \/>de relancer les campagnes de mesures oc\u00e9anographiques en haute mer et de symboliser l&rsquo;amiti\u00e9 franco-allemande, ch\u00e8re \u00e0 plusieurs partenaires du projet.<\/span><\/p>\n<p class=\"MsoNormal\" style=\"text-align: justify;\"><span lang=\"FR\" style=\"font-size: 11.0pt; font-family: 'Avenir Next',sans-serif;\">Un an apr\u00e8s la Route du Rhum, Fabrice Amedeo retrouvera le large \u00e0 l&rsquo;occasion de la Transat Jacques Vabre. Une course importante qu&rsquo;il disputera avec un navigateur allemand : Andreas Baden. Les deux marins vont s&rsquo;entra\u00eener le plus possible \u00e0 partir du mois d&rsquo;ao\u00fbt pour fiabiliser le nouveau IMOCA Nexans &#8211; Art et Fen\u00eatres, r\u00e9cemment mis \u00e0 l&rsquo;eau, et se pr\u00e9parer au mieux \u00e0 la Transat Jacques Vabre. Au programme, une qualification fin ao\u00fbt qui devrait les mener jusqu&rsquo;au mythique rocher du Fastnet, le d\u00e9fi Azimut en septembre et la course transatlantique en double qui partira du Havre le 29 octobre.  <\/span><\/p>\n<p class=\"MsoNormal\" style=\"text-align: justify;\"><span lang=\"FR\" style=\"font-size: 11.0pt; font-family: 'Avenir Next',sans-serif;\">Pour le retour de Fabrice au large et sa nouvelle \u00e9quipe de deux, les ambitions sont mesur\u00e9es : \u00ab\u00a0Les<br \/>L&rsquo;\u00e9cart entre les nouveaux bateaux et le reste de la flotte se creuse\u00a0\u00bb, commente Fabrice. D&rsquo;autre part, la priorit\u00e9 pour moi est de me qualifier pour le Vend\u00e9e Globe, donc d&rsquo;arriver en Martinique et de me recentrer sur l&rsquo;essentiel : Prendre du plaisir, me surpasser et vivre une belle aventure avec Andreas, faire des campagnes de mesure et sensibiliser \u00e0 la pr\u00e9servation des oc\u00e9ans\u00a0\u00bb.  <\/span><\/p>\n<p class=\"MsoNormal\" style=\"text-align: justify;\"><span lang=\"FR\" style=\"font-size: 11.0pt; font-family: 'Avenir Next',sans-serif;\">\u00ab\u00a0Je suis tr\u00e8s heureux de rejoindre le projet de Fabrice, dont l&rsquo;ADN correspond \u00e0 mes valeurs<br \/>correspond\u00a0\u00bb, dit Andreas. \u00ab\u00a0Comme Fabrice, j&rsquo;ai une relation tr\u00e8s \u00e9troite avec la nature. J&rsquo;ai \u00e9tudi\u00e9 l&rsquo;agriculture et les sciences de l&rsquo;environnement, avec une sp\u00e9cialisation dans la protection de l&rsquo;environnement. Aujourd&rsquo;hui, \u00e0 c\u00f4t\u00e9 de la voile, je suis engag\u00e9 dans le conseil dans le domaine des \u00e9nergies durables et de la transition \u00e9nerg\u00e9tique. C&rsquo;est \u00e0 mon avis un sujet important pour Fabrice et ses partenaires, qui envisagent de faire le tour du monde sans recourir aux \u00e9nergies fossiles. J&rsquo;attends avec impatience le d\u00e9part de cette magnifique course transatlantique qui nous attend. Je suis tr\u00e8s heureux de partager avec Fabrice nos aventures en mer et de porter ensemble ce beau message pour la transition \u00e9nerg\u00e9tique et climatique et la protection de nos oc\u00e9ans, deux sujets qui me tiennent \u00e0 c\u0153ur\u00a0\u00bb. Le skipper de 34 ans est originaire de Bonn et naviguait d\u00e9j\u00e0 lorsqu&rsquo;il \u00e9tait adolescent. Apr\u00e8s l&rsquo;\u00e9cole, il a d\u00e9m\u00e9nag\u00e9 \u00e0 Kiel pour avoir la possibilit\u00e9 d&rsquo;assouvir sa passion pour la voile. Derni\u00e8rement, il a navigu\u00e9 avec succ\u00e8s en tant que navigateur avec l&rsquo;\u00e9quipe Rafale de Berlin en janvier dans le cadre de la r\u00e9gate transatlantique RORC et a termin\u00e9 \u00e0 la troisi\u00e8me place.<\/span><\/p>\n<p class=\"MsoNormal\" style=\"text-align: justify;\"><span lang=\"FR\" style=\"font-size: 11.0pt; font-family: 'Avenir Next',sans-serif;\">Andreas est, comme Fabrice, un passionn\u00e9 de voile : \u00ab\u00a0D\u00e8s que je suis sur l&rsquo;eau, j&rsquo;ai vraiment l&rsquo;impression de plonger dans un autre univers. J&rsquo;aime \u00eatre au milieu de la nature, dans cet \u00e9l\u00e9ment brut, l&rsquo;immensit\u00e9 de la mer. On est confront\u00e9 \u00e0 soi-m\u00eame, on doit faire avec ce qui nous est propos\u00e9 et trouver notre \u00e9quilibre. Ce sont des moments charg\u00e9s d&rsquo;\u00e9motion qui marquent de nombreux souvenirs inoubliables et qui permettent de se recentrer sur l&rsquo;essentiel\u00a0\u00bb.<br \/><\/span><\/p>\n<p class=\"MsoNormal\" style=\"text-align: justify;\"><span lang=\"FR\" style=\"font-size: 11.0pt; font-family: 'Avenir Next',sans-serif;\">Le choix d&rsquo;un co-skipper allemand \u00e0 bord de Nexans &#8211; Art et Fen\u00eatres n&rsquo;est pas un hasard. Plusieurs partenaires du projet, notamment Nexans et Guillin, sont des groupes internationaux. C&rsquo;est aussi un clin d&rsquo;\u0153il au partenaire Hager Group qui, historiquement, a toujours eu un pied en France et un pied en Allemagne. Cette collaboration, sous forme de symbole de l&rsquo;amiti\u00e9 franco-allemande, sera \u00e9galement l&rsquo;occasion pour le groupe de mieux diffuser les messages du projet Ocean Calling en Allemagne.<\/span><\/p>\n<p class=\"MsoNormal\" style=\"text-align: justify;\"><span lang=\"FR\" style=\"font-size: 11.0pt; font-family: 'Avenir Next',sans-serif;\">Pour Andreas, l&rsquo;association avec Fabrice pour la Transat Jacques Vabres est la prochaine \u00e9tape logique. Il a poursuivi son chemin vers la voile offshore et a particip\u00e9 avec succ\u00e8s \u00e0 de nombreuses r\u00e9gates nationales et internationales. Il a notamment un \u0153il sur la sc\u00e8ne offshore fran\u00e7aise depuis un certain temps d\u00e9j\u00e0. Le d\u00e9fi de se concentrer sur l&rsquo;essentiel, de relever tous les d\u00e9fis de la course avec un minimum d&rsquo;\u00e9quipement \u00e0 bord, en particulier dans le mode Doublehanded, constitue un attrait particulier. Les th\u00e8mes de la durabilit\u00e9 et de la transition \u00e9nerg\u00e9tique font partie de l&rsquo;ADN d&rsquo;Andreas, de sorte que le fait de les associer, comme dans le projet de Fabrice, repr\u00e9sente une symbiose optimale pour Andreas.<\/span><\/p>\n<\/p>\n<p class=\"MsoNormal\" style=\"text-align: justify;\"><span lang=\"FR\" style=\"font-size: 11.0pt; font-family: 'Avenir Next',sans-serif;\">\u00ab\u00a0Je suis tr\u00e8s heureux d&rsquo;avoir un marin allemand, Andreas, \u00e0 bord de la Transat Jacques Vabre\u00a0\u00bb, explique Fabrice. Nous souhaitons porter notre projet sportif et citoyen au-del\u00e0 des fronti\u00e8res fran\u00e7aises, afin de toucher une communaut\u00e9 plus large et d&rsquo;entrer en contact avec nos partenaires, souvent bas\u00e9s aux quatre coins du monde. C&rsquo;est tout naturellement que j&rsquo;ai choisi un co-skipper allemand, car j&rsquo;appr\u00e9cie beaucoup ce pays et cette culture, et ils s&rsquo;int\u00e9ressent de plus en plus \u00e0 la course au large gr\u00e2ce aux performances de Boris Herrmann\u00a0\u00bb.<\/span><\/p>\n\t\t\t\t\t\t\t\t<\/div>\n\t\t\t\t<\/div>\n\t\t\t\t\t<\/div>\n\t\t<\/div>\n\t\t\t\t\t<\/div>\n\t\t<\/section>\n\t\t\t\t<section class=\"elementor-section elementor-top-section elementor-element elementor-element-aa4f6e4 elementor-section-boxed elementor-section-height-default elementor-section-height-default\" data-id=\"aa4f6e4\" data-element_type=\"section\" data-e-type=\"section\">\n\t\t\t\t\t\t<div class=\"elementor-container elementor-column-gap-default\">\n\t\t\t\t\t<div class=\"elementor-column elementor-col-100 elementor-top-column elementor-element elementor-element-cc4f62d\" data-id=\"cc4f62d\" data-element_type=\"column\" data-e-type=\"column\">\n\t\t\t<div class=\"elementor-widget-wrap elementor-element-populated\">\n\t\t\t\t\t\t<div class=\"elementor-element elementor-element-6303a3d elementor-widget elementor-widget-image\" data-id=\"6303a3d\" data-element_type=\"widget\" data-e-type=\"widget\" data-widget_type=\"image.default\">\n\t\t\t\t<div class=\"elementor-widget-container\">\n\t\t\t\t\t\t\t\t\t\t\t\t\t\t\t<img decoding=\"async\" width=\"600\" height=\"147\" src=\"https:\/\/andreasbadenracing.de\/wp-content\/uploads\/2023\/07\/logo-cpe-web.jpg\" class=\"attachment-full size-full wp-image-1779\" alt=\"\" srcset=\"https:\/\/andreasbadenracing.de\/wp-content\/uploads\/2023\/07\/logo-cpe-web.jpg 600w, https:\/\/andreasbadenracing.de\/wp-content\/uploads\/2023\/07\/logo-cpe-web-300x74.jpg 300w\" sizes=\"(max-width: 600px) 100vw, 600px\" \/>\t\t\t\t\t\t\t\t\t\t\t\t\t\t\t<\/div>\n\t\t\t\t<\/div>\n\t\t\t\t\t<\/div>\n\t\t<\/div>\n\t\t\t\t\t<\/div>\n\t\t<\/section>\n\t\t\t\t<\/div>\n\t\t","protected":false},"excerpt":{"rendered":"<p>Jean-Marie Liot Andreas embarque chez Fabrice Amedeo pour la Transat Jacques Vabre sur l&rsquo;Imoca Nexans &#8211; Art et Fen\u00eatres. Pour son retour au large et aux comp\u00e9titions, le skipper Nexans &#8211; Art et Fen\u00eatres a choisi d&#8217;embarquer un co-skipper allemand. Objectif : une belle course en double mainde relancer les campagnes de mesures oc\u00e9anographiques en [&hellip;]<\/p>\n","protected":false},"author":1,"featured_media":0,"parent":0,"menu_order":0,"comment_status":"closed","ping_status":"closed","template":"","meta":{"saved_in_kubio":false,"content-type":"","footnotes":""},"class_list":["post-1790","page","type-page","status-publish","hentry"],"yoast_head":"<!-- This site is optimized with the Yoast SEO plugin v27.5 - https:\/\/yoast.com\/product\/yoast-seo-wordpress\/ -->\n<title>Transat Jacques Vabres 2023 - Andreas Baden Racing<\/title>\n<meta name=\"description\" content=\"Rencontre dans la Transat Jacques Vabre du Havre \u00e0 la Martinique\" \/>\n<meta name=\"robots\" content=\"index, follow, max-snippet:-1, max-image-preview:large, max-video-preview:-1\" \/>\n<link rel=\"canonical\" href=\"https:\/\/andreasbadenracing.de\/fr\/transat-jacques-vabres-2023\/\" \/>\n<meta property=\"og:locale\" content=\"fr_FR\" \/>\n<meta property=\"og:type\" content=\"article\" \/>\n<meta property=\"og:title\" content=\"Transat Jacques Vabres 2023 - Andreas Baden Racing\" \/>\n<meta property=\"og:description\" content=\"Rencontre dans la Transat Jacques Vabre du Havre \u00e0 la Martinique\" \/>\n<meta property=\"og:url\" content=\"https:\/\/andreasbadenracing.de\/fr\/transat-jacques-vabres-2023\/\" \/>\n<meta property=\"og:site_name\" content=\"Andreas Baden Racing\" \/>\n<meta property=\"article:modified_time\" content=\"2023-07-26T18:13:12+00:00\" \/>\n<meta property=\"og:image\" content=\"https:\/\/andreasbadenracing.de\/wp-content\/uploads\/2023\/07\/230721AMD_3JML8271bd-1024x682.jpeg\" \/>\n<meta name=\"twitter:card\" content=\"summary_large_image\" \/>\n<meta name=\"twitter:label1\" content=\"Dur\u00e9e de lecture estim\u00e9e\" \/>\n\t<meta name=\"twitter:data1\" content=\"4 minutes\" \/>\n<script type=\"application\/ld+json\" class=\"yoast-schema-graph\">{\"@context\":\"https:\\\/\\\/schema.org\",\"@graph\":[{\"@type\":\"WebPage\",\"@id\":\"https:\\\/\\\/andreasbadenracing.de\\\/fr\\\/transat-jacques-vabres-2023\\\/\",\"url\":\"https:\\\/\\\/andreasbadenracing.de\\\/fr\\\/transat-jacques-vabres-2023\\\/\",\"name\":\"Transat Jacques Vabres 2023 - Andreas Baden Racing\",\"isPartOf\":{\"@id\":\"https:\\\/\\\/andreasbadenracing.de\\\/fr\\\/#website\"},\"primaryImageOfPage\":{\"@id\":\"https:\\\/\\\/andreasbadenracing.de\\\/fr\\\/transat-jacques-vabres-2023\\\/#primaryimage\"},\"image\":{\"@id\":\"https:\\\/\\\/andreasbadenracing.de\\\/fr\\\/transat-jacques-vabres-2023\\\/#primaryimage\"},\"thumbnailUrl\":\"https:\\\/\\\/andreasbadenracing.de\\\/wp-content\\\/uploads\\\/2023\\\/07\\\/230721AMD_3JML8271bd-1024x682.jpeg\",\"datePublished\":\"2023-07-24T09:11:38+00:00\",\"dateModified\":\"2023-07-26T18:13:12+00:00\",\"description\":\"Rencontre dans la Transat Jacques Vabre du Havre \u00e0 la Martinique\",\"breadcrumb\":{\"@id\":\"https:\\\/\\\/andreasbadenracing.de\\\/fr\\\/transat-jacques-vabres-2023\\\/#breadcrumb\"},\"inLanguage\":\"fr-FR\",\"potentialAction\":[{\"@type\":\"ReadAction\",\"target\":[\"https:\\\/\\\/andreasbadenracing.de\\\/fr\\\/transat-jacques-vabres-2023\\\/\"]}]},{\"@type\":\"ImageObject\",\"inLanguage\":\"fr-FR\",\"@id\":\"https:\\\/\\\/andreasbadenracing.de\\\/fr\\\/transat-jacques-vabres-2023\\\/#primaryimage\",\"url\":\"https:\\\/\\\/andreasbadenracing.de\\\/wp-content\\\/uploads\\\/2023\\\/07\\\/230721AMD_3JML8271bd-1024x682.jpeg\",\"contentUrl\":\"https:\\\/\\\/andreasbadenracing.de\\\/wp-content\\\/uploads\\\/2023\\\/07\\\/230721AMD_3JML8271bd-1024x682.jpeg\"},{\"@type\":\"BreadcrumbList\",\"@id\":\"https:\\\/\\\/andreasbadenracing.de\\\/fr\\\/transat-jacques-vabres-2023\\\/#breadcrumb\",\"itemListElement\":[{\"@type\":\"ListItem\",\"position\":1,\"name\":\"Startseite\",\"item\":\"https:\\\/\\\/andreasbadenracing.de\\\/fr\\\/\"},{\"@type\":\"ListItem\",\"position\":2,\"name\":\"Transat Jacques Vabres 2023\"}]},{\"@type\":\"WebSite\",\"@id\":\"https:\\\/\\\/andreasbadenracing.de\\\/fr\\\/#website\",\"url\":\"https:\\\/\\\/andreasbadenracing.de\\\/fr\\\/\",\"name\":\"Andreas Baden Racing\",\"description\":\"Sustainable Offshore Racing\",\"publisher\":{\"@id\":\"https:\\\/\\\/andreasbadenracing.de\\\/fr\\\/#organization\"},\"potentialAction\":[{\"@type\":\"SearchAction\",\"target\":{\"@type\":\"EntryPoint\",\"urlTemplate\":\"https:\\\/\\\/andreasbadenracing.de\\\/fr\\\/?s={search_term_string}\"},\"query-input\":{\"@type\":\"PropertyValueSpecification\",\"valueRequired\":true,\"valueName\":\"search_term_string\"}}],\"inLanguage\":\"fr-FR\"},{\"@type\":\"Organization\",\"@id\":\"https:\\\/\\\/andreasbadenracing.de\\\/fr\\\/#organization\",\"name\":\"Andreas Baden Racing\",\"url\":\"https:\\\/\\\/andreasbadenracing.de\\\/fr\\\/\",\"logo\":{\"@type\":\"ImageObject\",\"inLanguage\":\"fr-FR\",\"@id\":\"https:\\\/\\\/andreasbadenracing.de\\\/fr\\\/#\\\/schema\\\/logo\\\/image\\\/\",\"url\":\"https:\\\/\\\/andreasbadenracing.de\\\/wp-content\\\/uploads\\\/2025\\\/05\\\/4.png\",\"contentUrl\":\"https:\\\/\\\/andreasbadenracing.de\\\/wp-content\\\/uploads\\\/2025\\\/05\\\/4.png\",\"width\":1563,\"height\":1563,\"caption\":\"Andreas Baden Racing\"},\"image\":{\"@id\":\"https:\\\/\\\/andreasbadenracing.de\\\/fr\\\/#\\\/schema\\\/logo\\\/image\\\/\"},\"sameAs\":[\"https:\\\/\\\/www.instagram.com\\\/andreasbadennavigateur\\\/\"]}]}<\/script>\n<!-- \/ Yoast SEO plugin. -->","yoast_head_json":{"title":"Transat Jacques Vabres 2023 - Andreas Baden Racing","description":"Rencontre dans la Transat Jacques Vabre du Havre \u00e0 la Martinique","robots":{"index":"index","follow":"follow","max-snippet":"max-snippet:-1","max-image-preview":"max-image-preview:large","max-video-preview":"max-video-preview:-1"},"canonical":"https:\/\/andreasbadenracing.de\/fr\/transat-jacques-vabres-2023\/","og_locale":"fr_FR","og_type":"article","og_title":"Transat Jacques Vabres 2023 - Andreas Baden Racing","og_description":"Rencontre dans la Transat Jacques Vabre du Havre \u00e0 la Martinique","og_url":"https:\/\/andreasbadenracing.de\/fr\/transat-jacques-vabres-2023\/","og_site_name":"Andreas Baden Racing","article_modified_time":"2023-07-26T18:13:12+00:00","og_image":[{"url":"https:\/\/andreasbadenracing.de\/wp-content\/uploads\/2023\/07\/230721AMD_3JML8271bd-1024x682.jpeg","type":"","width":"","height":""}],"twitter_card":"summary_large_image","twitter_misc":{"Dur\u00e9e de lecture estim\u00e9e":"4 minutes"},"schema":{"@context":"https:\/\/schema.org","@graph":[{"@type":"WebPage","@id":"https:\/\/andreasbadenracing.de\/fr\/transat-jacques-vabres-2023\/","url":"https:\/\/andreasbadenracing.de\/fr\/transat-jacques-vabres-2023\/","name":"Transat Jacques Vabres 2023 - Andreas Baden Racing","isPartOf":{"@id":"https:\/\/andreasbadenracing.de\/fr\/#website"},"primaryImageOfPage":{"@id":"https:\/\/andreasbadenracing.de\/fr\/transat-jacques-vabres-2023\/#primaryimage"},"image":{"@id":"https:\/\/andreasbadenracing.de\/fr\/transat-jacques-vabres-2023\/#primaryimage"},"thumbnailUrl":"https:\/\/andreasbadenracing.de\/wp-content\/uploads\/2023\/07\/230721AMD_3JML8271bd-1024x682.jpeg","datePublished":"2023-07-24T09:11:38+00:00","dateModified":"2023-07-26T18:13:12+00:00","description":"Rencontre dans la Transat Jacques Vabre du Havre \u00e0 la Martinique","breadcrumb":{"@id":"https:\/\/andreasbadenracing.de\/fr\/transat-jacques-vabres-2023\/#breadcrumb"},"inLanguage":"fr-FR","potentialAction":[{"@type":"ReadAction","target":["https:\/\/andreasbadenracing.de\/fr\/transat-jacques-vabres-2023\/"]}]},{"@type":"ImageObject","inLanguage":"fr-FR","@id":"https:\/\/andreasbadenracing.de\/fr\/transat-jacques-vabres-2023\/#primaryimage","url":"https:\/\/andreasbadenracing.de\/wp-content\/uploads\/2023\/07\/230721AMD_3JML8271bd-1024x682.jpeg","contentUrl":"https:\/\/andreasbadenracing.de\/wp-content\/uploads\/2023\/07\/230721AMD_3JML8271bd-1024x682.jpeg"},{"@type":"BreadcrumbList","@id":"https:\/\/andreasbadenracing.de\/fr\/transat-jacques-vabres-2023\/#breadcrumb","itemListElement":[{"@type":"ListItem","position":1,"name":"Startseite","item":"https:\/\/andreasbadenracing.de\/fr\/"},{"@type":"ListItem","position":2,"name":"Transat Jacques Vabres 2023"}]},{"@type":"WebSite","@id":"https:\/\/andreasbadenracing.de\/fr\/#website","url":"https:\/\/andreasbadenracing.de\/fr\/","name":"Andreas Baden Racing","description":"Sustainable Offshore Racing","publisher":{"@id":"https:\/\/andreasbadenracing.de\/fr\/#organization"},"potentialAction":[{"@type":"SearchAction","target":{"@type":"EntryPoint","urlTemplate":"https:\/\/andreasbadenracing.de\/fr\/?s={search_term_string}"},"query-input":{"@type":"PropertyValueSpecification","valueRequired":true,"valueName":"search_term_string"}}],"inLanguage":"fr-FR"},{"@type":"Organization","@id":"https:\/\/andreasbadenracing.de\/fr\/#organization","name":"Andreas Baden Racing","url":"https:\/\/andreasbadenracing.de\/fr\/","logo":{"@type":"ImageObject","inLanguage":"fr-FR","@id":"https:\/\/andreasbadenracing.de\/fr\/#\/schema\/logo\/image\/","url":"https:\/\/andreasbadenracing.de\/wp-content\/uploads\/2025\/05\/4.png","contentUrl":"https:\/\/andreasbadenracing.de\/wp-content\/uploads\/2025\/05\/4.png","width":1563,"height":1563,"caption":"Andreas Baden Racing"},"image":{"@id":"https:\/\/andreasbadenracing.de\/fr\/#\/schema\/logo\/image\/"},"sameAs":["https:\/\/www.instagram.com\/andreasbadennavigateur\/"]}]}},"kubio_ai_page_context":{"short_desc":"","purpose":"general"},"_links":{"self":[{"href":"https:\/\/andreasbadenracing.de\/fr\/wp-json\/wp\/v2\/pages\/1790","targetHints":{"allow":["GET"]}}],"collection":[{"href":"https:\/\/andreasbadenracing.de\/fr\/wp-json\/wp\/v2\/pages"}],"about":[{"href":"https:\/\/andreasbadenracing.de\/fr\/wp-json\/wp\/v2\/types\/page"}],"author":[{"embeddable":true,"href":"https:\/\/andreasbadenracing.de\/fr\/wp-json\/wp\/v2\/users\/1"}],"replies":[{"embeddable":true,"href":"https:\/\/andreasbadenracing.de\/fr\/wp-json\/wp\/v2\/comments?post=1790"}],"version-history":[{"count":4,"href":"https:\/\/andreasbadenracing.de\/fr\/wp-json\/wp\/v2\/pages\/1790\/revisions"}],"predecessor-version":[{"id":1835,"href":"https:\/\/andreasbadenracing.de\/fr\/wp-json\/wp\/v2\/pages\/1790\/revisions\/1835"}],"wp:attachment":[{"href":"https:\/\/andreasbadenracing.de\/fr\/wp-json\/wp\/v2\/media?parent=1790"}],"curies":[{"name":"wp","href":"https:\/\/api.w.org\/{rel}","templated":true}]}}